{"id":7505,"date":"2026-02-20T18:04:34","date_gmt":"2026-02-20T17:04:34","guid":{"rendered":"https:\/\/www.lelag.fr\/site\/?post_type=tribe_events&#038;p=7505"},"modified":"2026-02-20T18:04:34","modified_gmt":"2026-02-20T17:04:34","slug":"manifestation-de-soutien-au-peuple-palestinien","status":"publish","type":"tribe_events","link":"https:\/\/www.lelag.fr\/site\/agenda\/manifestation-de-soutien-au-peuple-palestinien\/","title":{"rendered":"Manifestation de soutien au peuple palestinien"},"content":{"rendered":"<p>La situation \u00e0 Gaza et plus globalement en Palestine est toujours parfaitement anormale. Isra\u00ebl ne respecte toujours pas le droit international. Le gouvernement Isra\u00e9lien profite m\u00eame du plan de paix de Trump pour acc\u00e9l\u00e9rer l&rsquo;extension de ses colonies. La communaut\u00e9 internationale doit prendre ses responsabilit\u00e9s.<\/p>\n","protected":false},"excerpt":{"rendered":"<p>La situation \u00e0 Gaza et plus globalement en Palestine est toujours parfaitement anormale. Isra\u00ebl ne respecte toujours pas le droit international. Le gouvernement Isra\u00e9lien profite m\u00eame du plan de paix de Trump pour acc\u00e9l\u00e9rer l&rsquo;extension de ses colonies. La communaut\u00e9 &hellip; <a href=\"https:\/\/www.lelag.fr\/site\/agenda\/manifestation-de-soutien-au-peuple-palestinien\/\">Continuer la lecture <span class=\"meta-nav\">&rarr;<\/span><\/a><\/p>\n","protected":false},"author":2,"featured_media":0,"template":"","meta":{"_tribe_events_status":"","_tribe_events_status_reason":"","footnotes":""},"tags":[],"tribe_events_cat":[],"class_list":["post-7505","tribe_events","type-tribe_events","status-publish","hentry"],"_links":{"self":[{"href":"https:\/\/www.lelag.fr\/site\/wp-json\/wp\/v2\/tribe_events\/7505","targetHints":{"allow":["GET"]}}],"collection":[{"href":"https:\/\/www.lelag.fr\/site\/wp-json\/wp\/v2\/tribe_events"}],"about":[{"href":"https:\/\/www.lelag.fr\/site\/wp-json\/wp\/v2\/types\/tribe_events"}],"author":[{"embeddable":true,"href":"https:\/\/www.lelag.fr\/site\/wp-json\/wp\/v2\/users\/2"}],"version-history":[{"count":1,"href":"https:\/\/www.lelag.fr\/site\/wp-json\/wp\/v2\/tribe_events\/7505\/revisions"}],"predecessor-version":[{"id":7507,"href":"https:\/\/www.lelag.fr\/site\/wp-json\/wp\/v2\/tribe_events\/7505\/revisions\/7507"}],"wp:attachment":[{"href":"https:\/\/www.lelag.fr\/site\/wp-json\/wp\/v2\/media?parent=7505"}],"wp:term":[{"taxonomy":"post_tag","embeddable":true,"href":"https:\/\/www.lelag.fr\/site\/wp-json\/wp\/v2\/tags?post=7505"},{"taxonomy":"tribe_events_cat","embeddable":true,"href":"https:\/\/www.lelag.fr\/site\/wp-json\/wp\/v2\/tribe_events_cat?post=7505"}],"curies":[{"name":"wp","href":"https:\/\/api.w.org\/{rel}","templated":true}]}}