{"id":5112,"date":"2019-04-15T10:19:57","date_gmt":"2019-04-15T08:19:57","guid":{"rendered":"http:\/\/www.lelag.fr\/site\/?post_type=tribe_events&#038;p=5112"},"modified":"2019-04-15T10:19:57","modified_gmt":"2019-04-15T08:19:57","slug":"initiation-guitare-chorale-autogeree","status":"publish","type":"tribe_events","link":"https:\/\/www.lelag.fr\/site\/agenda\/initiation-guitare-chorale-autogeree\/","title":{"rendered":"initiation guitare + chorale autog\u00e9r\u00e9e"},"content":{"rendered":"<p>18h30 -&gt; initiation \u00e0 la guitare d\u2019accompagnement pour les chansons de la chorale<\/p>\n<p>19h -&gt; la chorale du LAG le 2\u00e8me mercredi du mois. Chantons ensemble en partageant des chants de lutte \u00ab Une chanson, un po\u00e8me valent plus que mille discours pour redonner espoir et go\u00fbt de la lutte \u00bb.<\/p>\n","protected":false},"excerpt":{"rendered":"<p>18h30 -&gt; initiation \u00e0 la guitare d\u2019accompagnement pour les chansons de la chorale 19h -&gt; la chorale du LAG le 2\u00e8me mercredi du mois. Chantons ensemble en partageant des chants de lutte \u00ab Une chanson, un po\u00e8me valent plus que &hellip; <a href=\"https:\/\/www.lelag.fr\/site\/agenda\/initiation-guitare-chorale-autogeree\/\">Continuer la lecture <span class=\"meta-nav\">&rarr;<\/span><\/a><\/p>\n","protected":false},"author":2,"featured_media":0,"template":"","meta":{"_tribe_events_status":"","_tribe_events_status_reason":"","footnotes":""},"tags":[],"tribe_events_cat":[],"class_list":["post-5112","tribe_events","type-tribe_events","status-publish","hentry"],"_links":{"self":[{"href":"https:\/\/www.lelag.fr\/site\/wp-json\/wp\/v2\/tribe_events\/5112","targetHints":{"allow":["GET"]}}],"collection":[{"href":"https:\/\/www.lelag.fr\/site\/wp-json\/wp\/v2\/tribe_events"}],"about":[{"href":"https:\/\/www.lelag.fr\/site\/wp-json\/wp\/v2\/types\/tribe_events"}],"author":[{"embeddable":true,"href":"https:\/\/www.lelag.fr\/site\/wp-json\/wp\/v2\/users\/2"}],"version-history":[{"count":1,"href":"https:\/\/www.lelag.fr\/site\/wp-json\/wp\/v2\/tribe_events\/5112\/revisions"}],"predecessor-version":[{"id":5113,"href":"https:\/\/www.lelag.fr\/site\/wp-json\/wp\/v2\/tribe_events\/5112\/revisions\/5113"}],"wp:attachment":[{"href":"https:\/\/www.lelag.fr\/site\/wp-json\/wp\/v2\/media?parent=5112"}],"wp:term":[{"taxonomy":"post_tag","embeddable":true,"href":"https:\/\/www.lelag.fr\/site\/wp-json\/wp\/v2\/tags?post=5112"},{"taxonomy":"tribe_events_cat","embeddable":true,"href":"https:\/\/www.lelag.fr\/site\/wp-json\/wp\/v2\/tribe_events_cat?post=5112"}],"curies":[{"name":"wp","href":"https:\/\/api.w.org\/{rel}","templated":true}]}}