{"id":4590,"date":"2018-06-06T18:14:39","date_gmt":"2018-06-06T16:14:39","guid":{"rendered":"http:\/\/www.lelag.fr\/site\/?post_type=tribe_events&#038;p=4590"},"modified":"2019-01-20T14:26:14","modified_gmt":"2019-01-20T13:26:14","slug":"penser-ensemble-que-produire","status":"publish","type":"tribe_events","link":"https:\/\/www.lelag.fr\/site\/agenda\/penser-ensemble-que-produire\/","title":{"rendered":"Penser ensemble : que produire ?"},"content":{"rendered":"<p><a href=\"http:\/\/www.lelag.fr\/site\/wp-content\/uploads\/2018\/06\/20190202-PenserEnsemble-QueProduire-Lievin.png\"><img loading=\"lazy\" decoding=\"async\" class=\"aligncenter size-medium wp-image-4895\" src=\"http:\/\/www.lelag.fr\/site\/wp-content\/uploads\/2018\/06\/20190202-PenserEnsemble-QueProduire-Lievin-212x300.png\" alt=\"\" width=\"212\" height=\"300\" srcset=\"https:\/\/www.lelag.fr\/site\/wp-content\/uploads\/2018\/06\/20190202-PenserEnsemble-QueProduire-Lievin-212x300.png 212w, https:\/\/www.lelag.fr\/site\/wp-content\/uploads\/2018\/06\/20190202-PenserEnsemble-QueProduire-Lievin-768x1086.png 768w, https:\/\/www.lelag.fr\/site\/wp-content\/uploads\/2018\/06\/20190202-PenserEnsemble-QueProduire-Lievin-724x1024.png 724w, https:\/\/www.lelag.fr\/site\/wp-content\/uploads\/2018\/06\/20190202-PenserEnsemble-QueProduire-Lievin.png 1169w\" sizes=\"auto, (max-width: 212px) 100vw, 212px\" \/><\/a><\/p>\n<p>L\u2019actualit\u00e9 de ces derni\u00e8res semaines a fortement remis sur le devant de la sc\u00e8ne la question du <strong>pouvoir d\u2019achat<\/strong>. Mais pour acheter quoi, et donc pour produire quoi\u00a0?<\/p>\n<p>On nous invite sans cesse \u00e0 la <i>d\u00e9mocratie participative<\/i> et \u00e0 la <i>citoyennet\u00e9<\/i> pour d\u00e9cider ensemble du vernis qui agr\u00e9mente notre quotidien. Invitons \u00e0 d\u00e9cider <strong>aussi<\/strong> de la <strong>soci\u00e9t\u00e9 de consommation<\/strong> et de la <strong>vie qu\u2019elle nous impose<\/strong>, chaque jour, chaque semaine, chaque ann\u00e9e\u00a0:<\/p>\n<ul class=\"spip\">\n<li><strong>que faut-il produire pour satisfaire nos besoins\u00a0?<\/strong><\/li>\n<li><strong>quels besoins voulons nous satisfaire\u00a0?<\/strong><\/li>\n<\/ul>\n<p><a href=\"https:\/\/www.cliss21.com\/site\/educ-populaire\/penser-ensemble\/article\/penser-ensemble-on-arrete-tout-qu-est-ce-qu-on-redemarre\">Voir la pr\u00e9sentation sur le site de Cliss XXI<\/a><\/p>\n","protected":false},"excerpt":{"rendered":"<p>L\u2019actualit\u00e9 de ces derni\u00e8res semaines a fortement remis sur le devant de la sc\u00e8ne la question du pouvoir d\u2019achat. Mais pour acheter quoi, et donc pour produire quoi\u00a0? On nous invite sans cesse \u00e0 la d\u00e9mocratie participative et \u00e0 la &hellip; <a href=\"https:\/\/www.lelag.fr\/site\/agenda\/penser-ensemble-que-produire\/\">Continuer la lecture <span class=\"meta-nav\">&rarr;<\/span><\/a><\/p>\n","protected":false},"author":1,"featured_media":0,"template":"","meta":{"_tribe_events_status":"","_tribe_events_status_reason":"","footnotes":""},"tags":[],"tribe_events_cat":[],"class_list":["post-4590","tribe_events","type-tribe_events","status-publish","hentry"],"_links":{"self":[{"href":"https:\/\/www.lelag.fr\/site\/wp-json\/wp\/v2\/tribe_events\/4590","targetHints":{"allow":["GET"]}}],"collection":[{"href":"https:\/\/www.lelag.fr\/site\/wp-json\/wp\/v2\/tribe_events"}],"about":[{"href":"https:\/\/www.lelag.fr\/site\/wp-json\/wp\/v2\/types\/tribe_events"}],"author":[{"embeddable":true,"href":"https:\/\/www.lelag.fr\/site\/wp-json\/wp\/v2\/users\/1"}],"version-history":[{"count":4,"href":"https:\/\/www.lelag.fr\/site\/wp-json\/wp\/v2\/tribe_events\/4590\/revisions"}],"predecessor-version":[{"id":4899,"href":"https:\/\/www.lelag.fr\/site\/wp-json\/wp\/v2\/tribe_events\/4590\/revisions\/4899"}],"wp:attachment":[{"href":"https:\/\/www.lelag.fr\/site\/wp-json\/wp\/v2\/media?parent=4590"}],"wp:term":[{"taxonomy":"post_tag","embeddable":true,"href":"https:\/\/www.lelag.fr\/site\/wp-json\/wp\/v2\/tags?post=4590"},{"taxonomy":"tribe_events_cat","embeddable":true,"href":"https:\/\/www.lelag.fr\/site\/wp-json\/wp\/v2\/tribe_events_cat?post=4590"}],"curies":[{"name":"wp","href":"https:\/\/api.w.org\/{rel}","templated":true}]}}