{"id":3033,"date":"2015-10-21T21:38:32","date_gmt":"2015-10-21T19:38:32","guid":{"rendered":"http:\/\/www.lelag.fr\/site\/?post_type=tribe_events&#038;p=3033"},"modified":"2015-11-22T08:25:42","modified_gmt":"2015-11-22T07:25:42","slug":"feminisme-et-decroissance-questions-sur-le-revenu-de-base","status":"publish","type":"tribe_events","link":"https:\/\/www.lelag.fr\/site\/agenda\/feminisme-et-decroissance-questions-sur-le-revenu-de-base\/","title":{"rendered":"F\u00e9minisme et d\u00e9croissance : questions sur le revenu de base."},"content":{"rendered":"<p>Une soir\u00e9e d\u00e9bat organis\u00e9e par le groupe <strong>\u00ab\u00a0F\u00e9minisme et d\u00e9croissance\u00a0\u00bb <\/strong>des d\u00e9croissant-es du Pas-de-Calais.<\/p>\n<p>Le th\u00e8me : le revenu de base, questions f\u00e9ministes&#8230;.<\/p>\n<ul>\n<li>Un revenu garanti pour que les femmes retournent au foyer\u00a0? Un revenu garanti pour quel syst\u00e8me productif\u00a0?<\/li>\n<li>invit\u00e9e\u00a0: Aude Vidal (co-animatrice de la revue<a href=\"http:\/\/www.lan02.org\/\"> L&rsquo;An 02<\/a>, et r\u00e9dactrice du blog <a href=\"http:\/\/blog.ecologie-politique.eu\/\">\u00ab\u00a0Mon blog sur l&rsquo;\u00e9cologie politique\u00a0\u00bb)<\/a><\/li>\n<\/ul>\n<div id=\"attachment_3045\" style=\"width: 222px\" class=\"wp-caption aligncenter\"><a href=\"http:\/\/www.lelag.fr\/site\/wp-content\/uploads\/2015\/10\/20151203-FeminismeEtRevenuGaranti.png\"><img loading=\"lazy\" decoding=\"async\" aria-describedby=\"caption-attachment-3045\" class=\"size-medium wp-image-3045\" src=\"http:\/\/www.lelag.fr\/site\/wp-content\/uploads\/2015\/10\/20151203-FeminismeEtRevenuGaranti-212x300.png\" alt=\"F\u00e9minisme et revenu garanti\" width=\"212\" height=\"300\" srcset=\"https:\/\/www.lelag.fr\/site\/wp-content\/uploads\/2015\/10\/20151203-FeminismeEtRevenuGaranti-212x300.png 212w, https:\/\/www.lelag.fr\/site\/wp-content\/uploads\/2015\/10\/20151203-FeminismeEtRevenuGaranti.png 583w\" sizes=\"auto, (max-width: 212px) 100vw, 212px\" \/><\/a><p id=\"caption-attachment-3045\" class=\"wp-caption-text\">F\u00e9minisme et revenu garanti<\/p><\/div>\n","protected":false},"excerpt":{"rendered":"<p>Une soir\u00e9e d\u00e9bat organis\u00e9e par le groupe \u00ab\u00a0F\u00e9minisme et d\u00e9croissance\u00a0\u00bb des d\u00e9croissant-es du Pas-de-Calais. Le th\u00e8me : le revenu de base, questions f\u00e9ministes&#8230;. Un revenu garanti pour que les femmes retournent au foyer\u00a0? Un revenu garanti pour quel syst\u00e8me productif\u00a0? &hellip; <a href=\"https:\/\/www.lelag.fr\/site\/agenda\/feminisme-et-decroissance-questions-sur-le-revenu-de-base\/\">Continuer la lecture <span class=\"meta-nav\">&rarr;<\/span><\/a><\/p>\n","protected":false},"author":1,"featured_media":0,"template":"","meta":{"_tribe_events_status":"","_tribe_events_status_reason":"","footnotes":""},"tags":[],"tribe_events_cat":[],"class_list":["post-3033","tribe_events","type-tribe_events","status-publish","hentry"],"_links":{"self":[{"href":"https:\/\/www.lelag.fr\/site\/wp-json\/wp\/v2\/tribe_events\/3033","targetHints":{"allow":["GET"]}}],"collection":[{"href":"https:\/\/www.lelag.fr\/site\/wp-json\/wp\/v2\/tribe_events"}],"about":[{"href":"https:\/\/www.lelag.fr\/site\/wp-json\/wp\/v2\/types\/tribe_events"}],"author":[{"embeddable":true,"href":"https:\/\/www.lelag.fr\/site\/wp-json\/wp\/v2\/users\/1"}],"version-history":[{"count":1,"href":"https:\/\/www.lelag.fr\/site\/wp-json\/wp\/v2\/tribe_events\/3033\/revisions"}],"predecessor-version":[{"id":3044,"href":"https:\/\/www.lelag.fr\/site\/wp-json\/wp\/v2\/tribe_events\/3033\/revisions\/3044"}],"wp:attachment":[{"href":"https:\/\/www.lelag.fr\/site\/wp-json\/wp\/v2\/media?parent=3033"}],"wp:term":[{"taxonomy":"post_tag","embeddable":true,"href":"https:\/\/www.lelag.fr\/site\/wp-json\/wp\/v2\/tags?post=3033"},{"taxonomy":"tribe_events_cat","embeddable":true,"href":"https:\/\/www.lelag.fr\/site\/wp-json\/wp\/v2\/tribe_events_cat?post=3033"}],"curies":[{"name":"wp","href":"https:\/\/api.w.org\/{rel}","templated":true}]}}