{"id":3024,"date":"2015-10-18T09:55:59","date_gmt":"2015-10-18T07:55:59","guid":{"rendered":"http:\/\/www.lelag.fr\/site\/?post_type=tribe_events&#038;p=3024"},"modified":"2015-10-18T09:55:59","modified_gmt":"2015-10-18T07:55:59","slug":"pour-une-education-populaire-renouvelee","status":"publish","type":"tribe_events","link":"https:\/\/www.lelag.fr\/site\/agenda\/pour-une-education-populaire-renouvelee\/","title":{"rendered":"Pour une \u00e9ducation populaire renouvel\u00e9e"},"content":{"rendered":"<p>Le LAG est inscrit au programme du week-end organis\u00e9 par Culture et Libert\u00e9, les 28 et 29 novembre 2015,\u00a0 \u00e0 la maison dioc\u00e9saine, 103 rue d&rsquo;Amiens, \u00e0 Arras.<\/p>\n<p>Nous y proposerons un retour sur le LAG, et tout ce qui a pr\u00e9c\u00e9d\u00e9 sa cr\u00e9ation (le r\u00e9seau Politis 62, les Printemps de Politis 62, etc&#8230;), et les questionnements en cours actuellement au LAG.<\/p>\n<p>Ce sera durant la soir\u00e9e du samedi 28 novembre.<\/p>\n<p>Cliquez sur l&rsquo;image ci-dessous, pour l&rsquo;ensemble de la pr\u00e9sentation du WE.<\/p>\n<div id=\"attachment_3025\" style=\"width: 222px\" class=\"wp-caption aligncenter\"><a href=\"http:\/\/www.lelag.fr\/site\/wp-content\/uploads\/2015\/10\/20151128et29-PourUneEducationPopulaireRenouvelee-CultureEtLiberte.jpg\"><img loading=\"lazy\" decoding=\"async\" aria-describedby=\"caption-attachment-3025\" class=\"size-medium wp-image-3025\" src=\"http:\/\/www.lelag.fr\/site\/wp-content\/uploads\/2015\/10\/20151128et29-PourUneEducationPopulaireRenouvelee-CultureEtLiberte-212x300.jpg\" alt=\"28 et 29 nobembre : Pour une \u00e9ducation populaire renouvel\u00e9e - Culture et Libert\u00e9\" width=\"212\" height=\"300\" srcset=\"https:\/\/www.lelag.fr\/site\/wp-content\/uploads\/2015\/10\/20151128et29-PourUneEducationPopulaireRenouvelee-CultureEtLiberte-212x300.jpg 212w, https:\/\/www.lelag.fr\/site\/wp-content\/uploads\/2015\/10\/20151128et29-PourUneEducationPopulaireRenouvelee-CultureEtLiberte-724x1024.jpg 724w, https:\/\/www.lelag.fr\/site\/wp-content\/uploads\/2015\/10\/20151128et29-PourUneEducationPopulaireRenouvelee-CultureEtLiberte.jpg 826w\" sizes=\"auto, (max-width: 212px) 100vw, 212px\" \/><\/a><p id=\"caption-attachment-3025\" class=\"wp-caption-text\">28 et 29 novembre : Pour une \u00e9ducation populaire renouvel\u00e9e &#8211; Culture et Libert\u00e9<\/p><\/div>\n","protected":false},"excerpt":{"rendered":"<p>Le LAG est inscrit au programme du week-end organis\u00e9 par Culture et Libert\u00e9, les 28 et 29 novembre 2015,\u00a0 \u00e0 la maison dioc\u00e9saine, 103 rue d&rsquo;Amiens, \u00e0 Arras. Nous y proposerons un retour sur le LAG, et tout ce qui &hellip; <a href=\"https:\/\/www.lelag.fr\/site\/agenda\/pour-une-education-populaire-renouvelee\/\">Continuer la lecture <span class=\"meta-nav\">&rarr;<\/span><\/a><\/p>\n","protected":false},"author":1,"featured_media":0,"template":"","meta":{"_tribe_events_status":"","_tribe_events_status_reason":"","footnotes":""},"tags":[],"tribe_events_cat":[],"class_list":["post-3024","tribe_events","type-tribe_events","status-publish","hentry"],"_links":{"self":[{"href":"https:\/\/www.lelag.fr\/site\/wp-json\/wp\/v2\/tribe_events\/3024","targetHints":{"allow":["GET"]}}],"collection":[{"href":"https:\/\/www.lelag.fr\/site\/wp-json\/wp\/v2\/tribe_events"}],"about":[{"href":"https:\/\/www.lelag.fr\/site\/wp-json\/wp\/v2\/types\/tribe_events"}],"author":[{"embeddable":true,"href":"https:\/\/www.lelag.fr\/site\/wp-json\/wp\/v2\/users\/1"}],"version-history":[{"count":0,"href":"https:\/\/www.lelag.fr\/site\/wp-json\/wp\/v2\/tribe_events\/3024\/revisions"}],"wp:attachment":[{"href":"https:\/\/www.lelag.fr\/site\/wp-json\/wp\/v2\/media?parent=3024"}],"wp:term":[{"taxonomy":"post_tag","embeddable":true,"href":"https:\/\/www.lelag.fr\/site\/wp-json\/wp\/v2\/tags?post=3024"},{"taxonomy":"tribe_events_cat","embeddable":true,"href":"https:\/\/www.lelag.fr\/site\/wp-json\/wp\/v2\/tribe_events_cat?post=3024"}],"curies":[{"name":"wp","href":"https:\/\/api.w.org\/{rel}","templated":true}]}}