{"id":2916,"date":"2015-07-10T19:00:48","date_gmt":"2015-07-10T17:00:48","guid":{"rendered":"http:\/\/www.lelag.fr\/site\/?post_type=tribe_events&#038;p=2916"},"modified":"2015-09-27T13:08:25","modified_gmt":"2015-09-27T11:08:25","slug":"fete-de-rentree-du-lag","status":"publish","type":"tribe_events","link":"https:\/\/www.lelag.fr\/site\/agenda\/fete-de-rentree-du-lag\/","title":{"rendered":"F\u00eate de rentr\u00e9e du LAG"},"content":{"rendered":"<ul>\n<li>3 ans d\u00e9j\u00e0 que le LAG poursuit ses activit\u00e9s\u00a0: \u00e7a vaut bien une f\u00eate\u00a0!<\/li>\n<li>Au programme\u00a0:\n<ul>\n<li>10h00 \u00a0: atelier cuisine autog\u00e9r\u00e9e<\/li>\n<li>12h00\u00a0: Ap\u00e9ro slam avec SISTADREY et AP&rsquo;NONDAS SISTADREY<\/li>\n<li>repas partag\u00e9 &#8211; gratif\u00e9ria<\/li>\n<li>16h00\u00a0: Concert avec QUENTIN CARTON et Existence Saine<\/li>\n<\/ul>\n<\/li>\n<\/ul>\n<div id=\"attachment_2999\" style=\"width: 222px\" class=\"wp-caption aligncenter\"><a href=\"http:\/\/www.lelag.fr\/site\/wp-content\/uploads\/2015\/07\/20151004-QuentinCarton-FeteLAG.png\"><img loading=\"lazy\" decoding=\"async\" aria-describedby=\"caption-attachment-2999\" class=\"size-medium wp-image-2999\" src=\"http:\/\/www.lelag.fr\/site\/wp-content\/uploads\/2015\/07\/20151004-QuentinCarton-FeteLAG-212x300.png\" alt=\"Quentin Carton \u00e0 la f\u00eate du LAG\" width=\"212\" height=\"300\" srcset=\"https:\/\/www.lelag.fr\/site\/wp-content\/uploads\/2015\/07\/20151004-QuentinCarton-FeteLAG-212x300.png 212w, https:\/\/www.lelag.fr\/site\/wp-content\/uploads\/2015\/07\/20151004-QuentinCarton-FeteLAG-724x1024.png 724w, https:\/\/www.lelag.fr\/site\/wp-content\/uploads\/2015\/07\/20151004-QuentinCarton-FeteLAG.png 1169w\" sizes=\"auto, (max-width: 212px) 100vw, 212px\" \/><\/a><p id=\"caption-attachment-2999\" class=\"wp-caption-text\">Quentin Carton \u00e0 la f\u00eate du LAG<\/p><\/div>\n","protected":false},"excerpt":{"rendered":"<p>3 ans d\u00e9j\u00e0 que le LAG poursuit ses activit\u00e9s\u00a0: \u00e7a vaut bien une f\u00eate\u00a0! Au programme\u00a0: 10h00 \u00a0: atelier cuisine autog\u00e9r\u00e9e 12h00\u00a0: Ap\u00e9ro slam avec SISTADREY et AP&rsquo;NONDAS SISTADREY repas partag\u00e9 &#8211; gratif\u00e9ria 16h00\u00a0: Concert avec QUENTIN CARTON et Existence &hellip; <a href=\"https:\/\/www.lelag.fr\/site\/agenda\/fete-de-rentree-du-lag\/\">Continuer la lecture <span class=\"meta-nav\">&rarr;<\/span><\/a><\/p>\n","protected":false},"author":1,"featured_media":0,"template":"","meta":{"_tribe_events_status":"","_tribe_events_status_reason":"","footnotes":""},"tags":[],"tribe_events_cat":[],"class_list":["post-2916","tribe_events","type-tribe_events","status-publish","hentry"],"_links":{"self":[{"href":"https:\/\/www.lelag.fr\/site\/wp-json\/wp\/v2\/tribe_events\/2916","targetHints":{"allow":["GET"]}}],"collection":[{"href":"https:\/\/www.lelag.fr\/site\/wp-json\/wp\/v2\/tribe_events"}],"about":[{"href":"https:\/\/www.lelag.fr\/site\/wp-json\/wp\/v2\/types\/tribe_events"}],"author":[{"embeddable":true,"href":"https:\/\/www.lelag.fr\/site\/wp-json\/wp\/v2\/users\/1"}],"version-history":[{"count":1,"href":"https:\/\/www.lelag.fr\/site\/wp-json\/wp\/v2\/tribe_events\/2916\/revisions"}],"predecessor-version":[{"id":2998,"href":"https:\/\/www.lelag.fr\/site\/wp-json\/wp\/v2\/tribe_events\/2916\/revisions\/2998"}],"wp:attachment":[{"href":"https:\/\/www.lelag.fr\/site\/wp-json\/wp\/v2\/media?parent=2916"}],"wp:term":[{"taxonomy":"post_tag","embeddable":true,"href":"https:\/\/www.lelag.fr\/site\/wp-json\/wp\/v2\/tags?post=2916"},{"taxonomy":"tribe_events_cat","embeddable":true,"href":"https:\/\/www.lelag.fr\/site\/wp-json\/wp\/v2\/tribe_events_cat?post=2916"}],"curies":[{"name":"wp","href":"https:\/\/api.w.org\/{rel}","templated":true}]}}