{"id":1368,"date":"2013-06-06T08:41:47","date_gmt":"2013-06-06T06:41:47","guid":{"rendered":"http:\/\/lag.bassinminier62.org\/site\/?post_type=tribe_events&#038;p=1368"},"modified":"2013-09-08T09:04:58","modified_gmt":"2013-09-08T07:04:58","slug":"soiree-11-septembre-1973","status":"publish","type":"tribe_events","link":"https:\/\/www.lelag.fr\/site\/agenda\/soiree-11-septembre-1973\/","title":{"rendered":"Soir\u00e9e \u00ab\u00a011 septembre 1973\u00a0\u00bb"},"content":{"rendered":"<p>Chili&#8230; 40 ans apr\u00e8s &#8230;<\/p>\n<p><!--more--><\/p>\n<p><a href=\"http:\/\/lag.bassinminier62.org\/site\/wp-content\/uploads\/2013\/06\/20130911-LaBatailleDuChili.jpg\"><img loading=\"lazy\" decoding=\"async\" class=\"aligncenter size-medium wp-image-1443\" alt=\"20130911-LaBatailleDuChili\" src=\"http:\/\/lag.bassinminier62.org\/site\/wp-content\/uploads\/2013\/06\/20130911-LaBatailleDuChili-211x300.jpg\" width=\"211\" height=\"300\" srcset=\"https:\/\/www.lelag.fr\/site\/wp-content\/uploads\/2013\/06\/20130911-LaBatailleDuChili-211x300.jpg 211w, https:\/\/www.lelag.fr\/site\/wp-content\/uploads\/2013\/06\/20130911-LaBatailleDuChili-723x1024.jpg 723w, https:\/\/www.lelag.fr\/site\/wp-content\/uploads\/2013\/06\/20130911-LaBatailleDuChili.jpg 826w\" sizes=\"auto, (max-width: 211px) 100vw, 211px\" \/><\/a><\/p>\n<p>La bataille du Chili (<i>La batalla de Chile<\/i>) film r\u00e9alis\u00e9 par Patricio Guzm\u00e1n en 1973. C&rsquo;est une coproduction chilienne, fran\u00e7aise, cubaine et v\u00e9n\u00e9zu\u00e9lienne.<\/p>\n<p>Ce film fut r\u00e9alis\u00e9 neuf mois avant le coup d&rsquo;\u00c9tat militaire au Chili. D&rsquo;apr\u00e8s son auteur, il s&rsquo;agit d&rsquo;un document tr\u00e8s important car \u00ab\u00a0c\u2019est la preuve cin\u00e9matographique, jour apr\u00e8s jour, de l\u2019agonie d\u2019une exp\u00e9rience r\u00e9volutionnaire qui touche le monde entier parce qu\u2019elle se pr\u00e9sente comme une exp\u00e9rience pacifique du passage au socialisme\u00a0\u00bb.|<\/p>\n<p>Il a \u00e9t\u00e9 r\u00e9compens\u00e9 de six grands prix en Am\u00e9rique latine et en Europe. La revue am\u00e9ricaine Cineaste l&rsquo;a qualifi\u00e9 de l&rsquo;un des dix meilleurs films politiques du monde.<\/p>\n<p>Le film est constitu\u00e9 de trois parties\u00a0:<\/p>\n<ul>\n<li><i>L&rsquo;Insurrection de la bourgeoisie<\/i> (<i>La insurreci\u00f3n de la burgues\u00eda<\/i>), 1975<\/li>\n<li><i>Le Coup d&rsquo;\u00c9tat miliaire<\/i> (<i>El golpe de estado<\/i>), 1977<\/li>\n<li><i>Le Pouvoir populaire<\/i> (<i>El poder popular<\/i>), 1979.<\/li>\n<\/ul>\n","protected":false},"excerpt":{"rendered":"<p>Chili&#8230; 40 ans apr\u00e8s &#8230;<\/p>\n","protected":false},"author":1,"featured_media":0,"template":"","meta":{"_tribe_events_status":"","_tribe_events_status_reason":"","footnotes":""},"tags":[],"tribe_events_cat":[],"class_list":["post-1368","tribe_events","type-tribe_events","status-publish","hentry"],"_links":{"self":[{"href":"https:\/\/www.lelag.fr\/site\/wp-json\/wp\/v2\/tribe_events\/1368","targetHints":{"allow":["GET"]}}],"collection":[{"href":"https:\/\/www.lelag.fr\/site\/wp-json\/wp\/v2\/tribe_events"}],"about":[{"href":"https:\/\/www.lelag.fr\/site\/wp-json\/wp\/v2\/types\/tribe_events"}],"author":[{"embeddable":true,"href":"https:\/\/www.lelag.fr\/site\/wp-json\/wp\/v2\/users\/1"}],"version-history":[{"count":1,"href":"https:\/\/www.lelag.fr\/site\/wp-json\/wp\/v2\/tribe_events\/1368\/revisions"}],"predecessor-version":[{"id":1444,"href":"https:\/\/www.lelag.fr\/site\/wp-json\/wp\/v2\/tribe_events\/1368\/revisions\/1444"}],"wp:attachment":[{"href":"https:\/\/www.lelag.fr\/site\/wp-json\/wp\/v2\/media?parent=1368"}],"wp:term":[{"taxonomy":"post_tag","embeddable":true,"href":"https:\/\/www.lelag.fr\/site\/wp-json\/wp\/v2\/tags?post=1368"},{"taxonomy":"tribe_events_cat","embeddable":true,"href":"https:\/\/www.lelag.fr\/site\/wp-json\/wp\/v2\/tribe_events_cat?post=1368"}],"curies":[{"name":"wp","href":"https:\/\/api.w.org\/{rel}","templated":true}]}}