{"id":99,"date":"2012-07-15T00:00:56","date_gmt":"2012-07-14T23:00:56","guid":{"rendered":"http:\/\/lag.bassinminier62.org\/site\/?page_id=99"},"modified":"2012-12-31T11:12:37","modified_gmt":"2012-12-31T10:12:37","slug":"pourquoi-le-lag","status":"publish","type":"page","link":"https:\/\/www.lelag.fr\/site\/le-lag\/pourquoi-le-lag\/","title":{"rendered":"Pourquoi le LAG ?"},"content":{"rendered":"<p>D&rsquo;une mani\u00e8re g\u00e9n\u00e9rale, notre objectif est <strong>double<\/strong> :<\/p>\n<ul>\n<li>En <strong>interne<\/strong> : nous r\u00e9unir, mettre en oeuvre des initiatives ouvertes, des r\u00e9unions publiques, des d\u00e9bats, cin\u00e9-d\u00e9bats, d\u00e9velopper nos alternatives : cantine autog\u00e9r\u00e9e, ateliers v\u00e9los, espaces biblioth\u00e8que, concerts, th\u00e9\u00e2tre, &#8230; promouvoir un lieu de diffusion de nos expressions et de nos pratiques (la sortie du capitalisme a d\u00e9j\u00e0 commenc\u00e9&#8230;), d\u00e9velopper un espace de convivialit\u00e9, d&rsquo;\u00e9changes, de r\u00e9flexions&#8230;<\/li>\n<li>Pour l&rsquo;<strong>ext\u00e9rieur<\/strong> : faire r\u00e9exister l&rsquo;id\u00e9e d&rsquo;autogestion dans le d\u00e9bat public. Depuis de trop nombreuses ann\u00e9es, le mot <em>autogestion<\/em> a disparu de l&rsquo;espace public. Le LAG entend le mettre \u00e0 nouveau sous les feux de la rampe, au coeur du bassin minier du Pas-de-Calais, et constituer ainsi un s\u00e9rieux point d&rsquo;appui pour l&rsquo;anticapitalisme.<\/li>\n<\/ul>\n<h1>Ce qui guide le LAG<\/h1>\n<p>On trouvera ci-dessous quelques extraits des interventions qui ont \u00e9t\u00e9 prononc\u00e9es<a title=\"20 octobre : une belle inauguration !!!\" href=\"http:\/\/lag.bassinminier62.org\/site\/20-octobre-une-belle-inauguration\/\"> le 20 octobre 2012, \u00e0 l&rsquo;occasion de l&rsquo;inauguration du LAG.<\/a><\/p>\n<p>Le LAG, le Lieu Auto G\u00e9r\u00e9 du bassin minier, c&rsquo;est d&rsquo;abord la possibilit\u00e9 de <strong>revoir le joli nom d&rsquo;autogestion dans l&rsquo;espace public<\/strong>. Le LAG, c&rsquo;est donc ce lieu associatif et autog\u00e9r\u00e9, ouvert par des militant-es investi-es dans des collectifs aussi divers que Politis 62, Fraternit\u00e9 Migrants, Fraternit\u00e9 Rroms, eau &#8230; secours 62, le projet PAP (Projet Agricole et Politique) et son corollaire la cantine autog\u00e9r\u00e9e, les objecteurs de croissance, Col\u00e8re du Pr\u00e9sent, les AMAPs, la chorale de Politis 62 et ses chants de lutte et d&rsquo;espoir, etc &#8230;<\/p>\n<p>Le LAG vise \u00e0 permettre une plus grande <strong>autonomie locale du mouvement social<\/strong> et \u00e0 faciliter les actions directes en offrant un lieu de <strong>rassemblement et de coordination des initiatives alternatives et des luttes sociales<\/strong>. C&rsquo;est un lieu de <strong>convivialit\u00e9<\/strong> o\u00f9 l&rsquo;on peut se retrouver autour d&rsquo;un verre, pour refaire un monde qui en a bien besoin.<\/p>\n<p>L&rsquo;autogestion, qui sous-tend le projet du LAG, consiste \u00e0 assumer nos responsabilit\u00e9s, \u00e0 nous r\u00e9approprier nos vies, \u00e0 rejeter le capitalisme qui est une continuelle expropriation de nos mani\u00e8res de faire, de nos fa\u00e7ons de penser, de d\u00e9cider et de vivre.<\/p>\n<p>Le LAG est important non pas comme levier de changement des politiques gouvernementales, r\u00e9gionales ou locales, mais avant tout comme point de <strong>confluence des diff\u00e9rents mouvements et collectifs dans lesquels nous sommes impliqu\u00e9s<\/strong>, comme espace o\u00f9 <strong>nous apprenons et nous inspirons les uns des autres<\/strong>. En ce sens, le LAG est sans doute un prolongement du Printemps de Politis 62, dans lequel nous avons \u00e9t\u00e9 impliqu\u00e9-es ces derni\u00e8res ann\u00e9es.<\/p>\n<p>Un des traits qui nous caract\u00e9risent, c&rsquo;est <em>le Faire<\/em> : concernant nos initiatives, concernant les alternatives dans lesquelles nous sommes engag\u00e9-es, nous ne demandons pas la permission, et nous ne revendiquons rien : nous faisons !<\/p>\n<p>Au LAG, nous entendons mettre en oeuvre une nouvelle fa\u00e7on de se poser des questions et d&rsquo;appr\u00e9hender notre environnement. Voici par exemple des questionnements qui nous traversent :<\/p>\n<ol>\n<li>Pour changer la soci\u00e9t\u00e9, s&rsquo;agit-il de d\u00e9fendre l&#8217;emploi, et son corollaire lib\u00e9ral l&#8217;employabilit\u00e9, ou de combattre le travail ?<\/li>\n<li>Pour construire un monde nouveau, s&rsquo;agit-il de d\u00e9fendre le pouvoir d&rsquo;achat, ou de critiquer l&rsquo;argent ?<\/li>\n<\/ol>\n<p>Ce sont deux exemples des nombreuses questions qui nous traversent, et dont nous cherchons des \u00e9l\u00e9ments de r\u00e9ponse dans nos pratiques alternatives colelctives. <strong>\u00c0 l&rsquo;instar des zapatistes, nous marchons en nous interrogeant.<\/strong><\/p>\n<p>Le LAG entend fid\u00e9liser deux publics compl\u00e9mentaires :<\/p>\n<ol>\n<li><strong>Le public politis\u00e9,<\/strong> investi dans des initiatives alternatives inscrites dans le changement de soci\u00e9t\u00e9.<\/li>\n<li><strong>Le grand public,<\/strong> qui ignore jusqu&rsquo;au nom d&rsquo;autogestion, et qui viendra lors des initiatives ouvertes que nous proposerons, guid\u00e9 par la seule envie de passer un moment sympa. En franchissant les portes du LAG, ce public peut finir par \u00e9couter un d\u00e9bat, acheter un bouquin, ou prendre part \u00e0 un atelier pratique. Nous aurons ainsi sensibilis\u00e9 \u00e0 nos id\u00e9es, et cr\u00e9\u00e9 la possibilit\u00e9 d&rsquo;engagements nouveaux.<\/li>\n<\/ol>\n<p>Ainsi, le LAG ne peut devenir un but en soi. Il doit \u00eatre un carrefour des luttes et des alternatives, voire un tremplin pour l&rsquo;action. Nous voulons inscrire le LAG dans un <strong>processus de rupture<\/strong>, en faisant grandir dans la soci\u00e9t\u00e9 capitaliste des formes d&rsquo;<strong>auto-organisation des luttes<\/strong>, des <strong>rapports autogestionnaires<\/strong>, pr\u00eats \u00e0 <strong>se substituer aux rapports capitalistes de domination et de production<\/strong>. R\u00e9aliser une soci\u00e9t\u00e9 nouvelle, \u00e7a passe par une <strong>longue phase de contre-pouvoirs<\/strong> \u00e0 l&rsquo;occasion de laquelle <strong>nous nous auto-\u00e9duquons<\/strong> \u00e0 la d\u00e9mocratie autogestionnaire.<\/p>\n<p>Au final, notre projet, c&rsquo;est que nos alternatives n&rsquo;en soient finalement plus, et deviennent des <strong>nouvelles formes de vie.<\/strong><\/p>\n<p>Tout cela ne peut que nous amener \u00e0 aller plus loin, et \u00e0 nous interroger sur comment <strong>mettre en oeuvre l&rsquo;autogestion au del\u00e0 du LAG<\/strong>. C&rsquo;est une question que nous souhaitons aborder concr\u00e8tement. Il s&rsquo;agit notamment d&rsquo;expliciter comment on va autog\u00e9rer les transports ferroviaires, la fabrication et la distribution d&rsquo;\u00e9nergie, etc&#8230;, et de d\u00e9terminer les politiques sur lesquelles seront fond\u00e9es ces activit\u00e9s.<\/p>\n<p>Terminons en citant un propos r\u00e9cent de Raoul Vaneighem :<\/p>\n<pre>T\u00f4t ou tard, il faudra bien que s'instaure, sur les ruines de la\r\ntyrannie marchande, cette autogestion g\u00e9n\u00e9ralis\u00e9e - quel que soit\r\nle nom que vous lui donniez - qui jettera les bases d'une soci\u00e9t\u00e9 \r\nv\u00e9ritablement humaine, une soci\u00e9t\u00e9 o\u00f9 l'argent aura disparu, o\u00f9 \r\nl'on se servira en servant les autres, o\u00f9 chacun aura le loisir \r\nd'offrir et de s'offrir, sans aucun sacrifice.<\/pre>\n","protected":false},"excerpt":{"rendered":"<p>D&rsquo;une mani\u00e8re g\u00e9n\u00e9rale, notre objectif est double : En interne : nous r\u00e9unir, mettre en oeuvre des initiatives ouvertes, des r\u00e9unions publiques, des d\u00e9bats, cin\u00e9-d\u00e9bats, d\u00e9velopper nos alternatives : cantine autog\u00e9r\u00e9e, ateliers v\u00e9los, espaces biblioth\u00e8que, concerts, th\u00e9\u00e2tre, &#8230; promouvoir un &hellip; <a href=\"https:\/\/www.lelag.fr\/site\/le-lag\/pourquoi-le-lag\/\">Continuer la lecture <span class=\"meta-nav\">&rarr;<\/span><\/a><\/p>\n","protected":false},"author":1,"featured_media":0,"parent":206,"menu_order":20,"comment_status":"closed","ping_status":"open","template":"","meta":{"footnotes":""},"class_list":["post-99","page","type-page","status-publish","hentry"],"_links":{"self":[{"href":"https:\/\/www.lelag.fr\/site\/wp-json\/wp\/v2\/pages\/99","targetHints":{"allow":["GET"]}}],"collection":[{"href":"https:\/\/www.lelag.fr\/site\/wp-json\/wp\/v2\/pages"}],"about":[{"href":"https:\/\/www.lelag.fr\/site\/wp-json\/wp\/v2\/types\/page"}],"author":[{"embeddable":true,"href":"https:\/\/www.lelag.fr\/site\/wp-json\/wp\/v2\/users\/1"}],"replies":[{"embeddable":true,"href":"https:\/\/www.lelag.fr\/site\/wp-json\/wp\/v2\/comments?post=99"}],"version-history":[{"count":18,"href":"https:\/\/www.lelag.fr\/site\/wp-json\/wp\/v2\/pages\/99\/revisions"}],"predecessor-version":[{"id":104,"href":"https:\/\/www.lelag.fr\/site\/wp-json\/wp\/v2\/pages\/99\/revisions\/104"}],"up":[{"embeddable":true,"href":"https:\/\/www.lelag.fr\/site\/wp-json\/wp\/v2\/pages\/206"}],"wp:attachment":[{"href":"https:\/\/www.lelag.fr\/site\/wp-json\/wp\/v2\/media?parent=99"}],"curies":[{"name":"wp","href":"https:\/\/api.w.org\/{rel}","templated":true}]}}