{"id":48,"date":"2012-07-15T00:00:27","date_gmt":"2012-07-14T23:00:27","guid":{"rendered":"http:\/\/lag.bassinminier62.org\/site\/?page_id=48"},"modified":"2026-01-09T12:49:47","modified_gmt":"2026-01-09T11:49:47","slug":"financement","status":"publish","type":"page","link":"https:\/\/www.lelag.fr\/site\/financement\/","title":{"rendered":"Souscription financi\u00e8re"},"content":{"rendered":"<p style=\"text-align: justify;\">En 2011, \u00e0 l&rsquo;occasion du Printemps de Politis 62, nous avons lanc\u00e9 un projet ambitieux : nous doter d&rsquo;un lieu autog\u00e9r\u00e9 dans le bassin minier (Lens-Li\u00e9vin). <a title=\"Histoire\" href=\"http:\/\/lag.bassinminier62.org\/site\/la-naissance-du-lag\/\">Lire \u00e0 ce sujet notre article \u00ab\u00a0La naissance du LAG\u00a0\u00bb.<\/a><\/p>\n<p><strong>Nous nous sommes arr\u00eat\u00e9s sur un mod\u00e8le qui implique l&rsquo;engagement dans le temps des participant-es et ami-es du lieu autog\u00e9r\u00e9 : un mod\u00e8le bas\u00e9 sur des pr\u00e9l\u00e8vements mensuels.<\/strong><\/p>\n<p style=\"text-align: justify;\">La formule propos\u00e9e est ainsi la suivante : on verse par exemple chaque mois 15\u20ac, ou 30\u20ac, ou 45\u20ac, ou 60\u20ac (pas plus de 60\u20ac, pour ne pas d\u00e9pendre d&rsquo;un \u00ab\u00a0gros\u00a0\u00bb contributeur).<\/p>\n<ul style=\"text-align: justify;\">\n<li>Cette somme est vers\u00e9e sous la forme d&rsquo;un pr\u00e9l\u00e8vement mensuel.<\/li>\n<li>Si on ne peut pas donner une m\u00eame somme chaque mois, on peut n\u00e9anmoins contribuer, en versant sa quote-part, en dehors du syst\u00e8me de pr\u00e9l\u00e8vement.<\/li>\n<li>L&rsquo;objectif fix\u00e9 est d&rsquo;atteindre la somme de 600\u20ac pr\u00e9lev\u00e9s chaque mois. Id\u00e9alement, notre souhait est que cette somme repose sur le plus de contributeurs possible : il est pr\u00e9f\u00e9rable d&rsquo;avoir 40 contributeurs qui versent 15\u20ac par mois chacun, que 10 contributeurs qui versent 60\u20ac par mois.<\/li>\n<\/ul>\n<p>&nbsp;<\/p>\n<p style=\"text-align: justify;\"><strong>Nous proposons donc\u00a0 \u00e0 chacun-e de contribuer \u00e0 cette formidable aventure, et de <a href=\"http:\/\/www.lelag.fr\/site\/wp-content\/uploads\/2012\/07\/LAG-FormulairePrelevement.pdf\">t\u00e9l\u00e9charger et remplir le formulaire de pr\u00e9l\u00e8vement.<\/a> <\/strong><\/p>\n<p style=\"text-align: justify;\"><strong>Parmi les informations \u00e0 compl\u00e9ter :<\/strong><\/p>\n<ul style=\"text-align: justify;\">\n<li>Montant : 15\u20ac, ou 30\u20ac, ou 45\u20ac, ou 60\u20ac<\/li>\n<li>Date de pr\u00e9l\u00e8vement : tu indiques ce qui t&rsquo;arrange (le 5 du mois, le 10, &#8230;)<\/li>\n<li>Nombre de pr\u00e9l\u00e8vements : ne pas remplir, \u00e9tant donn\u00e9 que tu as la possibilit\u00e9 d&rsquo;interrompre les pr\u00e9l\u00e8vements \u00e0 tout moment.<\/li>\n<li>N&rsquo;oublie pas de signer (deux fois) et de joindre un RIB&#8230; et de nous retourner ton\u00a0 formulaire de pr\u00e9l\u00e8vement \ud83d\ude09<\/li>\n<\/ul>\n<p>&nbsp;<\/p>\n<p style=\"text-align: justify;\"><strong>Pour faire des dons, nous envoyer une aide ponctuelle ou r\u00e9aliser une souscription sous forme de virement permanent<\/strong> (le virement permanent est g\u00e9r\u00e9 par votre banque, vous d\u00e9cidez de sa dur\u00e9e et de son arr\u00eat si n\u00e9cessaire).<\/p>\n<p style=\"text-align: justify;\"><em>Renseignements du compte bancaire du LAG ci-dessous :<\/em><\/p>\n<p style=\"text-align: justify;\"><strong>IBAN<\/strong> :<\/p>\n<p style=\"text-align: justify;\">FR76 4255 9100 0008 0130 9835 932<\/p>\n<p style=\"text-align: justify;\"><strong>BIC<\/strong> :<\/p>\n<p style=\"text-align: justify;\">CCOPFRPPXXX<\/p>\n<p style=\"text-align: justify;\"><strong>Banque du b\u00e9n\u00e9ficiaire :<\/strong><\/p>\n<p style=\"text-align: justify;\">Cr\u00e9dit Coop\u00e9ratif<\/p>\n","protected":false},"excerpt":{"rendered":"<p>En 2011, \u00e0 l&rsquo;occasion du Printemps de Politis 62, nous avons lanc\u00e9 un projet ambitieux : nous doter d&rsquo;un lieu autog\u00e9r\u00e9 dans le bassin minier (Lens-Li\u00e9vin). Lire \u00e0 ce sujet notre article \u00ab\u00a0La naissance du LAG\u00a0\u00bb. Nous nous sommes arr\u00eat\u00e9s &hellip; <a href=\"https:\/\/www.lelag.fr\/site\/financement\/\">Continuer la lecture <span class=\"meta-nav\">&rarr;<\/span><\/a><\/p>\n","protected":false},"author":1,"featured_media":0,"parent":0,"menu_order":30,"comment_status":"closed","ping_status":"open","template":"","meta":{"footnotes":""},"class_list":["post-48","page","type-page","status-publish","hentry"],"_links":{"self":[{"href":"https:\/\/www.lelag.fr\/site\/wp-json\/wp\/v2\/pages\/48","targetHints":{"allow":["GET"]}}],"collection":[{"href":"https:\/\/www.lelag.fr\/site\/wp-json\/wp\/v2\/pages"}],"about":[{"href":"https:\/\/www.lelag.fr\/site\/wp-json\/wp\/v2\/types\/page"}],"author":[{"embeddable":true,"href":"https:\/\/www.lelag.fr\/site\/wp-json\/wp\/v2\/users\/1"}],"replies":[{"embeddable":true,"href":"https:\/\/www.lelag.fr\/site\/wp-json\/wp\/v2\/comments?post=48"}],"version-history":[{"count":18,"href":"https:\/\/www.lelag.fr\/site\/wp-json\/wp\/v2\/pages\/48\/revisions"}],"predecessor-version":[{"id":7433,"href":"https:\/\/www.lelag.fr\/site\/wp-json\/wp\/v2\/pages\/48\/revisions\/7433"}],"wp:attachment":[{"href":"https:\/\/www.lelag.fr\/site\/wp-json\/wp\/v2\/media?parent=48"}],"curies":[{"name":"wp","href":"https:\/\/api.w.org\/{rel}","templated":true}]}}