{"id":4390,"date":"2018-02-25T16:27:18","date_gmt":"2018-02-25T15:27:18","guid":{"rendered":"http:\/\/www.lelag.fr\/site\/?page_id=4390"},"modified":"2023-02-22T11:04:50","modified_gmt":"2023-02-22T10:04:50","slug":"bobines-rebelles-2018","status":"publish","type":"page","link":"https:\/\/www.lelag.fr\/site\/cinema\/bobines-rebelles\/bobines-rebelles-2018\/","title":{"rendered":"Bobines rebelles 2018"},"content":{"rendered":"<p><a href=\"http:\/\/www.lelag.fr\/site\/wp-content\/uploads\/2018\/02\/LogoBobinesRebelles2018.png\"><img loading=\"lazy\" decoding=\"async\" class=\"aligncenter wp-image-4391 size-medium\" src=\"http:\/\/www.lelag.fr\/site\/wp-content\/uploads\/2018\/02\/LogoBobinesRebelles2018-213x300.png\" alt=\"\" width=\"213\" height=\"300\" srcset=\"https:\/\/www.lelag.fr\/site\/wp-content\/uploads\/2018\/02\/LogoBobinesRebelles2018-213x300.png 213w, https:\/\/www.lelag.fr\/site\/wp-content\/uploads\/2018\/02\/LogoBobinesRebelles2018.png 413w\" sizes=\"auto, (max-width: 213px) 100vw, 213px\" \/><\/a><\/p>\n<p>C&rsquo;est la 6\u00e8me \u00e9dition de Bobines rebelles dans le 62 !<\/p>\n<p>Cette 6\u00e8me \u00e9dition se d\u00e9roulera <strong>durant la soir\u00e9e du vendredi 13, et l\u2019ensemble de la journ\u00e9e du samedi 14 avril 2018.<\/strong><\/p>\n<p><a href=\"http:\/\/www.lelag.fr\/site\/wp-content\/uploads\/2018\/02\/DepliantBobinesRebelles2018.pdf\">N&rsquo;h\u00e9sitez pas \u00e0 imprimer le d\u00e9pliant de la programmation 2018 !<\/a><\/p>\n<h1>Programmation<\/h1>\n<p>Conform\u00e9ment \u00e0 l\u2019esprit de Bobines rebelles, chaque projection est suivie d\u2019un \u00e9change avec la r\u00e9alisatrice \/ le r\u00e9alisateur.<\/p>\n<p><strong>L&rsquo;ensemble du festival se d\u00e9roule au LAG, 23 avenue Jean Jaur\u00e8s, \u00e0 Li\u00e9vin<\/strong><\/p>\n<h2>Vendredi 13 avril 2018<\/h2>\n<ul>\n<li>20h30 : Ouverture du festival Bobines rebelles 2017 : <strong>Entre deux sexes <\/strong>de R\u00e9gine Abadia &#8211; 2017 &#8211; France &#8211; 1h07 &#8211; suivi d&rsquo;un \u00e9change avec la r\u00e9alisatrice<\/li>\n<\/ul>\n<p><a href=\"http:\/\/www.lelag.fr\/site\/wp-content\/uploads\/2018\/02\/EntreDeuxSexes.jpg\"><img loading=\"lazy\" decoding=\"async\" class=\"aligncenter wp-image-4393 size-medium\" src=\"http:\/\/www.lelag.fr\/site\/wp-content\/uploads\/2018\/02\/EntreDeuxSexes-193x300.jpg\" alt=\"\" width=\"193\" height=\"300\" srcset=\"https:\/\/www.lelag.fr\/site\/wp-content\/uploads\/2018\/02\/EntreDeuxSexes-193x300.jpg 193w, https:\/\/www.lelag.fr\/site\/wp-content\/uploads\/2018\/02\/EntreDeuxSexes-768x1196.jpg 768w, https:\/\/www.lelag.fr\/site\/wp-content\/uploads\/2018\/02\/EntreDeuxSexes-658x1024.jpg 658w, https:\/\/www.lelag.fr\/site\/wp-content\/uploads\/2018\/02\/EntreDeuxSexes.jpg 1725w\" sizes=\"auto, (max-width: 193px) 100vw, 193px\" \/><\/a>Pour beaucoup, le monde se partage entre hommes et femmes.<br \/>\nQuid des personnes intersexes qui n\u2019entrent dans aucune de ces cat\u00e9gories ?<\/p>\n<h2>Samedi 14 avril 2018<\/h2>\n<ul>\n<li>11h00 : <strong>Quartier Libre<\/strong> de Vinciane Zech &#8211; 2017 &#8211; Belgique &#8211; 1h06 &#8211; suivi d&rsquo;un \u00e9change avec la r\u00e9alisatrice<\/li>\n<\/ul>\n<p><a href=\"http:\/\/www.lelag.fr\/site\/wp-content\/uploads\/2018\/02\/QuartierLibre.jpg\"><img loading=\"lazy\" decoding=\"async\" class=\"aligncenter wp-image-4394 size-medium\" src=\"http:\/\/www.lelag.fr\/site\/wp-content\/uploads\/2018\/02\/QuartierLibre-300x222.jpg\" alt=\"\" width=\"300\" height=\"222\" srcset=\"https:\/\/www.lelag.fr\/site\/wp-content\/uploads\/2018\/02\/QuartierLibre-300x222.jpg 300w, https:\/\/www.lelag.fr\/site\/wp-content\/uploads\/2018\/02\/QuartierLibre.jpg 650w\" sizes=\"auto, (max-width: 300px) 100vw, 300px\" \/><\/a>\u00c0 La Baraque ( quartier \u00ab\u00a0autog\u00e9r\u00e9\u00a0\u00bb fait de roulottes, cabanes, et autres maisons auto-construites), chaque jour est un jour \u00e0 inventer collectivement&#8230; En 2014, ce projet de vie alternative est bouscul\u00e9 par la construction d&rsquo;un parking de plus de 3000 places. Comment le quartier va-t-il survivre \u00e0 cela ?<\/p>\n<ul>\n<li>Le midi, une petite restauration sur place est possible<\/li>\n<li>14h00 : <strong>Les Z&rsquo;entonnoirs<\/strong> de Marine Place &#8211; 2012 &#8211; France &#8211; 52 min &#8211; suivi d&rsquo;un \u00e9change avec la r\u00e9alisatrice<\/li>\n<\/ul>\n<p><a href=\"http:\/\/www.lelag.fr\/site\/wp-content\/uploads\/2018\/02\/LesZEntonnoirs.jpg\"><img loading=\"lazy\" decoding=\"async\" class=\"aligncenter wp-image-4396 size-medium\" src=\"http:\/\/www.lelag.fr\/site\/wp-content\/uploads\/2018\/02\/LesZEntonnoirs-300x200.jpg\" alt=\"\" width=\"300\" height=\"200\" srcset=\"https:\/\/www.lelag.fr\/site\/wp-content\/uploads\/2018\/02\/LesZEntonnoirs-300x200.jpg 300w, https:\/\/www.lelag.fr\/site\/wp-content\/uploads\/2018\/02\/LesZEntonnoirs-768x511.jpg 768w, https:\/\/www.lelag.fr\/site\/wp-content\/uploads\/2018\/02\/LesZEntonnoirs.jpg 800w\" sizes=\"auto, (max-width: 300px) 100vw, 300px\" \/><\/a><br \/>\n\u00ab\u00a0\u00cates-vous pr\u00eat \u00e0 changer votre regard sur la maladie mentale ?\u00a0\u00bb<br \/>\n\u00c0 Roubaix, dans les locaux de la manufacture culturelle La Condition Publique, une \u00e9mission de radio riche, dr\u00f4le, libre et unique en son genre est enregistr\u00e9e tous les lundis depuis huit ans : les Z\u2019Entonnoirs.<\/p>\n<ul>\n<li>16h00 : <strong>Les chants de la Maladrerie<\/strong> de Flavie Pinatel &#8211; 2017 &#8211; France &#8211; 26 min &#8211; suivi d&rsquo;un \u00e9change avec la r\u00e9alisatrice<\/li>\n<\/ul>\n<p><a href=\"http:\/\/www.lelag.fr\/site\/wp-content\/uploads\/2018\/02\/LesChantsDeLaMaladrerie.jpg\"><img loading=\"lazy\" decoding=\"async\" class=\"aligncenter size-full wp-image-4397\" src=\"http:\/\/www.lelag.fr\/site\/wp-content\/uploads\/2018\/02\/LesChantsDeLaMaladrerie.jpg\" alt=\"\" width=\"298\" height=\"169\" \/><\/a>Le portrait d\u2019une cit\u00e9 aux formes \u00e9tonnantes (La Maladrerie d\u2019Aubervilliers) et de ses habitant(e)s. Un documentaire d\u2019un genre particulier, puisque les personnes s\u2019y expriment non pas en parlant mais \u00e0 travers des chansons.<br \/>\nEn filigrane, le film dresse un \u00e9tat des lieux po\u00e9tique du vivre-ensemble en France en 2016.<\/p>\n<ul>\n<li>17H30 : <strong>Bricks<\/strong> de Quentin Ravelli &#8211; 2016 &#8211; France &#8211; 1h23 &#8211; suivi d&rsquo;un \u00e9change avec le r\u00e9alisateur<\/li>\n<\/ul>\n<p><a href=\"http:\/\/www.lelag.fr\/site\/wp-content\/uploads\/2018\/02\/Bricks.jpg\"><img loading=\"lazy\" decoding=\"async\" class=\"aligncenter wp-image-4399 size-medium\" src=\"http:\/\/www.lelag.fr\/site\/wp-content\/uploads\/2018\/02\/Bricks-300x167.jpg\" alt=\"\" width=\"300\" height=\"167\" srcset=\"https:\/\/www.lelag.fr\/site\/wp-content\/uploads\/2018\/02\/Bricks-300x167.jpg 300w, https:\/\/www.lelag.fr\/site\/wp-content\/uploads\/2018\/02\/Bricks-768x428.jpg 768w, https:\/\/www.lelag.fr\/site\/wp-content\/uploads\/2018\/02\/Bricks-1024x570.jpg 1024w, https:\/\/www.lelag.fr\/site\/wp-content\/uploads\/2018\/02\/Bricks.jpg 1535w\" sizes=\"auto, (max-width: 300px) 100vw, 300px\" \/><\/a>Des carri\u00e8res d\u2019argile abandonn\u00e9es aux cr\u00e9dits immobiliers impay\u00e9s, les briques espagnoles incarnent le triomphe puis la faillite \u00e9conomique d\u2019un pays.<br \/>\nSuivre le parcours d\u2019une marchandise \u2013 les briques \u2013 donne un visage \u00e0 la crise et dessine les strat\u00e9gies individuelles ou collectives qui permettent de la surmonter.<\/p>\n<h1>Babines rebelles<\/h1>\n<p>La soir\u00e9e se poursuit ensuite autour du d\u00e9sormais fameux repas <strong>Babines rebelles<\/strong>, \u00e0 20h00, avec l\u2019ensemble des r\u00e9alisateurs \u2013 r\u00e9alisatrices. <a href=\"http:\/\/www.lelag.fr\/site\/babines-rebelles\/\">Il est indispensable de s&rsquo;inscrire.<\/a><\/p>\n<h1>Prix libre<\/h1>\n<p>Comme chaque ann\u00e9e, la participation au week-end est \u00e0 prix libre : les entr\u00e9es ainsi que le repas du samedi soir, Babines rebelles. Une seule exception : les boissons du bar. Et les sandwiches du samedi midi qui sont \u00e0 prix co\u00fbtant.<\/p>\n<p><a href=\"http:\/\/www.lelag.fr\/site\/le-lag\/fonctionnement-charte-du-lag\/le-prix-libre\/\">Au LAG, le prix libre est une r\u00e9elle d\u00e9marche politique&#8230;<\/a><\/p>\n<h1>Covoiturage<\/h1>\n<p>C&rsquo;est une bonne solution, pour profiter pleinement de Bobines rebelles, et faire de chouettes rencontres :<\/p>\n<ul>\n<li><a title=\"Les propositions de covoiturage pour les prochaines initiatives pr\u00e9vues au LAG\" href=\"http:\/\/www.lelag.fr\/site\/proposition-covoiturage-pour-les-prochaines-initiatives-prevues-au-lag\/\">Vous proposez des places en covoiturage : c&rsquo;est ici.<\/a><\/li>\n<li><a title=\"Les offres de covoiturage pour les initiatives pr\u00e9vues au LAG\" href=\"http:\/\/www.lelag.fr\/site\/les-offres-de-covoiturage-pour-les-initiatives-prevues-au-lag\/\"> Vous cherchez des places en covoiturage : c&rsquo;est ici.<\/a><\/li>\n<\/ul>\n<h1>Retour sur les pr\u00e9c\u00e9dentes \u00e9ditions<\/h1>\n<p>En attendant la tenue de cette 6\u00e8me \u00e9dition, plus belle et plus rebelle que jamais, on peut se jouer une s\u00e9quence nostalgie, en se rem\u00e9morant les programmations pr\u00e9c\u00e9dentes :<\/p>\n<ul>\n<li><a title=\"Bobines Rebelles 2013\" href=\"http:\/\/www.lelag.fr\/site\/cinema\/bobines-rebelles\/bobines-rebelles-2013\/\">Bobines rebelles 2013<\/a><\/li>\n<li><a title=\"Bobines Rebelles 2014\" href=\"http:\/\/www.lelag.fr\/site\/cinema\/bobines-rebelles\/bobines-rebelles-2014\/\">Bobines rebelles 2014<\/a><\/li>\n<li><a href=\"http:\/\/www.lelag.fr\/site\/cinema\/bobines-rebelles\/bobines-rebelles-2015\/\">Bobines rebelles 2015<\/a><\/li>\n<li><a href=\"http:\/\/www.lelag.fr\/site\/cinema\/bobines-rebelles\/bobines-rebelles-2016\/\">Bobines rebelles 2016<\/a><\/li>\n<li><a href=\"http:\/\/www.lelag.fr\/site\/cinema\/bobines-rebelles\/bobines-rebelles-2017\/\">Bobines rebelles 2017<\/a><\/li>\n<\/ul>\n<h1>6\u00e8me festival du documentaire d\u2019auteur, social et politique dans le 62<\/h1>\n<p>Bobines rebelles, c\u2019est un <strong>Festival de documentaire d\u2019auteur social et politique<\/strong>, auto-organis\u00e9 dans diverses r\u00e9gions de France.<\/p>\n<p>Chaque s\u00e9ance du festival Bobines rebelles est propos\u00e9e \u00e0 <a title=\"Le prix libre\" href=\"http:\/\/lag.bassinminier62.org\/site\/le-lag\/fonctionnement-charte-du-lag\/le-prix-libre\/\">prix libre.<\/a><\/p>\n<p><strong>Festival<\/strong>: en programmant pendant un week-end une s\u00e9rie de films documentaires, nous voulons proposer un moment fort, permettant de cr\u00e9er une v\u00e9ritable dynamique de r\u00e9flexion.<\/p>\n<p><strong>Documentaire<\/strong>\u00a0: en revendiquant un point de vue clairement affirm\u00e9, le documentaire permet de faire appara\u00eetre une r\u00e9alit\u00e9 qui, d\u2019habitude, nous est cach\u00e9e. Il favorise une d\u00e9marche critique et l\u2019\u00e9mergence d\u2019une conscience politique plus engag\u00e9e.<\/p>\n<p><strong>D&rsquo;auteur<\/strong>\u00a0: le documentaire d\u02bcauteur est un prisme particulier permettant de nourrir une r\u00e9flexion collective. Ce cin\u00e9ma laisse une large place au spectateur dans l&rsquo;\u00e9laboration d&rsquo;une pens\u00e9e (\u00e0 l\u02bcinverse d\u02bcun reportage t\u00e9l\u00e9visuel, o\u00f9 le cerveau du spectateur est pris dans l\u02bc\u00e9tau des \u00e9vidences et autres lieux communs).<\/p>\n<p><strong>Social et politique<\/strong>\u00a0: \u00e0 l\u2019heure o\u00f9 les tenants du pouvoir nous imposent une pens\u00e9e unique associ\u00e9e \u00e0 une fausse bipolarisation politique, nous voulons partager nos interrogations, confronter nos dissidences. Ind\u00e9pendance politique et autonomie de pens\u00e9e sont, aujourd\u2019hui, une exigence sociale<\/p>\n<p><em>\u00ab Le documentaire social se distingue du documentaire tout court et des actualit\u00e9s de la semaine par le point de vue que d\u00e9fend nettement son auteur. Ce documentaire social exige que l\u2019on prenne position car il met les points sur les i. S\u2019il n\u2019engage pas un artiste, il engage au moins un homme. Ceci vaut bien cela. (\u2026) Ce documentaire social devra nous dessiller les yeux. \u00bb<\/em> Jean Vigo (1905-1934)<\/p>\n","protected":false},"excerpt":{"rendered":"<p>C&rsquo;est la 6\u00e8me \u00e9dition de Bobines rebelles dans le 62 ! Cette 6\u00e8me \u00e9dition se d\u00e9roulera durant la soir\u00e9e du vendredi 13, et l\u2019ensemble de la journ\u00e9e du samedi 14 avril 2018. N&rsquo;h\u00e9sitez pas \u00e0 imprimer le d\u00e9pliant de la &hellip; <a href=\"https:\/\/www.lelag.fr\/site\/cinema\/bobines-rebelles\/bobines-rebelles-2018\/\">Continuer la lecture <span class=\"meta-nav\">&rarr;<\/span><\/a><\/p>\n","protected":false},"author":1,"featured_media":0,"parent":925,"menu_order":63,"comment_status":"closed","ping_status":"closed","template":"","meta":{"footnotes":""},"class_list":["post-4390","page","type-page","status-publish","hentry"],"_links":{"self":[{"href":"https:\/\/www.lelag.fr\/site\/wp-json\/wp\/v2\/pages\/4390","targetHints":{"allow":["GET"]}}],"collection":[{"href":"https:\/\/www.lelag.fr\/site\/wp-json\/wp\/v2\/pages"}],"about":[{"href":"https:\/\/www.lelag.fr\/site\/wp-json\/wp\/v2\/types\/page"}],"author":[{"embeddable":true,"href":"https:\/\/www.lelag.fr\/site\/wp-json\/wp\/v2\/users\/1"}],"replies":[{"embeddable":true,"href":"https:\/\/www.lelag.fr\/site\/wp-json\/wp\/v2\/comments?post=4390"}],"version-history":[{"count":6,"href":"https:\/\/www.lelag.fr\/site\/wp-json\/wp\/v2\/pages\/4390\/revisions"}],"predecessor-version":[{"id":4403,"href":"https:\/\/www.lelag.fr\/site\/wp-json\/wp\/v2\/pages\/4390\/revisions\/4403"}],"up":[{"embeddable":true,"href":"https:\/\/www.lelag.fr\/site\/wp-json\/wp\/v2\/pages\/925"}],"wp:attachment":[{"href":"https:\/\/www.lelag.fr\/site\/wp-json\/wp\/v2\/media?parent=4390"}],"curies":[{"name":"wp","href":"https:\/\/api.w.org\/{rel}","templated":true}]}}