{"id":2353,"date":"2014-10-12T12:52:32","date_gmt":"2014-10-12T10:52:32","guid":{"rendered":"http:\/\/www.lelag.fr\/site\/?page_id=2353"},"modified":"2015-01-10T14:27:20","modified_gmt":"2015-01-10T13:27:20","slug":"il-y-a-40-ans-lievin-1974","status":"publish","type":"page","link":"https:\/\/www.lelag.fr\/site\/nos-projets\/il-y-a-40-ans-lievin-1974\/","title":{"rendered":"Il y a 40 ans : Li\u00e9vin 1974"},"content":{"rendered":"<p>Durant tout le mois de d\u00e9cembre 2014, le Collectif \u00ab\u00a0Li\u00e9vin 1974\u00a0\u00bb, dans lequel le LAG est investi, se propose en ce mois de d\u00e9cembre 2014 de programmer, pour en faire surgir des <strong>traces f\u00e9condes<\/strong>, diff\u00e9rentes manifestations propres \u00e0 revisiter la catastrophe du 27 d\u00e9cembre.<\/p>\n<p>Bien s\u00fbr, nous n&rsquo;irons pas verser les larmes de crocodiles rituelles des officiels de la comm\u00e9moration de Li\u00e9vin sur ces \u00ab\u00a0pauvres et courageux mineurs qui se sont sacrifi\u00e9s\u00a0\u00bb. Mais nous\u00a0 prendrons un temps pour la restauration de la plaque comm\u00e9morative pos\u00e9e en <strong>hommage aux mineurs par la commission d&rsquo;enqu\u00eate<\/strong> qui pr\u00e9c\u00e9da le <strong>tribunal populaire de Lens (mars 1975)<\/strong>.<\/p>\n<p>Par-del\u00e0 les <strong>mythologies<\/strong> et les mensonges entretenus depuis si longtemps, cette c\u00e9l\u00e9bration offrira l&rsquo;opportunit\u00e9 de se pencher sur <strong>le sens d&rsquo;une comm\u00e9moration, la confiscation de la parole des mineurs, la justice populaire, la mythologie de la Mine, la d\u00e9sindustrialisation, la notion de \u00ab\u00a0fatalit\u00e9\u00a0\u00bb<\/strong> en mati\u00e8re d&rsquo;accidents du travail et sa d\u00e9nonciation\u00a0: une s\u00e9rie de r\u00e9flexions abord\u00e9es dans le cadre de conf\u00e9rences, tables rondes, exposition et concert&#8230;<\/p>\n<div id=\"attachment_2401\" style=\"width: 179px\" class=\"wp-caption aligncenter\"><a href=\"http:\/\/www.lelag.fr\/site\/wp-content\/uploads\/2014\/10\/LeMineurAccuse.png\"><img loading=\"lazy\" decoding=\"async\" aria-describedby=\"caption-attachment-2401\" class=\"size-medium wp-image-2401\" src=\"http:\/\/www.lelag.fr\/site\/wp-content\/uploads\/2014\/10\/LeMineurAccuse-169x300.png\" alt=\"Le mineur accuse\" width=\"169\" height=\"300\" \/><\/a><p id=\"caption-attachment-2401\" class=\"wp-caption-text\">Le mineur accuse<\/p><\/div>\n<p>\u00c0 lire :<\/p>\n<ul>\n<li><a title=\"Li\u00e9vin 1974 : retours presse\" href=\"http:\/\/www.lelag.fr\/site\/lievin-1974-retours-presse\/\">les diff\u00e9rents retours presse, qui traitent de nos initiatives.<\/a><\/li>\n<li><a href=\"http:\/\/www.lelag.fr\/site\/wp-content\/uploads\/2014\/10\/20141227-CommentairesCritiquesDiscoursLaurentDuporge.pdf\">un commentaire critique du discours de Laurent Duporge, le 27 d\u00e9cembre 2014.<\/a><\/li>\n<\/ul>\n<h1>Le sens d&rsquo;une comm\u00e9moration citoyenne \u00e0 Li\u00e9vin<\/h1>\n<ul>\n<li>Le 27 D\u00e9cembre 1974 la plus grande catastrophe mini\u00e8re de l&rsquo;apr\u00e8s-guerre fait <strong>42 morts<\/strong>. 40 ans plus tard, <strong>quel sens conf\u00e9rer \u00e0 un rendez-vous citoyen de comm\u00e9moration ?<\/strong><\/li>\n<li>De quoi devons nous \u00ab\u00a0faire souvenir collectivement\u00a0\u00bb pour qu&rsquo;un Hommage aux Mineurs prenne la mesure d&rsquo;un tel \u00ab\u00a0\u00e9v\u00e9nement\u00a0\u00bb ? Pour puiser dans sa mise \u00e0 jour et l&rsquo;intelligence que nous en aurons les \u00e9l\u00e9ments d&rsquo;<strong>un avenir de vie humaine renouvel\u00e9e<\/strong>. La m\u00eame sur ce territoire social et industriel si durement marqu\u00e9 par <strong>l&rsquo;exploitation des hommes et des femmes, la souffrance et la mort au travail.<\/strong><\/li>\n<li>Nous nous proposons en ce mois de D\u00e9cembre 2014 de programmer, pour en faire surgir des traces f\u00e9condes,diff\u00e9rentes manifestations, propres \u00e0 <strong>revisiter la catastrophe du 27 d\u00e9cembre<\/strong>; de ressaisir le faisceau et\u00a0 l&rsquo;agencement de ses causes; de <strong>gripper<\/strong> par ce geste\u00a0 <strong>la machine comm\u00e9morative officielle<\/strong> o\u00f9 la \u00ab\u00a0fatalit\u00e9 \u00a0\u00bb de la mort au travail revient \u00e0 <strong>\u00ab\u00a0enterrer\u00a0\u00bb un peu plus chaque ann\u00e9e les mineurs sous l&rsquo;invocation r\u00e9currente\u00a0 du \u00ab\u00a0courage\u00a0\u00bb et du \u00ab\u00a0sacrifice\u00a0\u00bb<\/strong>, certes dramatique, mais finalement consenti, \u00e0 une cause nationale et \u00e9conomique<\/li>\n<li>Cette comm\u00e9moration, par-del\u00e0 les mythologies et les mensonges entretenues depuis si longtemps, se doit d&rsquo;\u00eatre un temps\u00a0 fort qui nous r\u00e9unit, organisateurs et participant-es,\u00a0 dans la responsabilit\u00e9 et l&rsquo;adresse\u00a0 commune de <strong>porter la voix et des \u00e9chos de v\u00e9rit\u00e9s encore \u00e0 venir\u00a0 sur\u00a0 cette Terre mini\u00e8re<\/strong>.<\/li>\n<\/ul>\n<h1>Le programme<\/h1>\n<ul>\n<li><strong>Table ronde \u00ab\u00a0D&rsquo;un Tribunal populaire \u00e0 l&rsquo;autre\u00a0\u00bb<\/strong> anim\u00e9e par Jacques Kmieciak, en pr\u00e9sence de <strong>Bernard Leroy<\/strong> et <strong>Jacques Lacaze<\/strong>\u00a0: <em>samedi 6 d\u00e9cembre \u00e0 15h00 au LAG. <\/em><a title=\"6 d\u00e9cembre 2014 : \u00ab\u00a0D\u2019un tribunal populaire \u00e0 l\u2019autre\u00a0\u00bb\" href=\"http:\/\/www.lelag.fr\/site\/6-decembre-2014-dun-tribunal-populaire-a-lautre\/\">Voir le compte-rendu en ligne.<\/a><\/li>\n<li><strong>Conf\u00e9rence<\/strong> de Bruno Matte\u00ef autour de <strong>la mythologie du mineur et du sens d&rsquo;une c\u00e9l\u00e9bration<\/strong> : <em>mercredi 3 d\u00e9cembre \u00e0 19h00 au LAG. <\/em><a title=\"3 d\u00e9cembre 2014 : \u00ab\u00a0La mythologie du mineur et le sens d\u2019une c\u00e9l\u00e9bration\u00a0\u00bb\" href=\"http:\/\/www.lelag.fr\/site\/3-decembre-2014-la-mythologie-du-mineur-et-le-sens-dune-celebration\/\">Voir le compte-rendu en ligne<\/a><\/li>\n<li title=\"Dominique Grange\"><strong>Concert de Dominique Grange<\/strong> :<em> samedi 6 d\u00e9cembre \u00e0 20h00 \u00e0 l&rsquo;Espace culturel Ronny-Coutteure \u00e0 Grenay<br \/>\n<\/em>Avec Tardi. <a title=\"6 d\u00e9cembre : concert de Dominique Grange et Jacques Tardi\" href=\"http:\/\/www.lelag.fr\/site\/6-decembre-concert-de-dominique-grange-et-jacques-tardi\/\">Voir les infos concernant ce concert, avec le diaporama-photos.<\/a><\/li>\n<li>\u00a0<strong>Vernissage<\/strong> de l&rsquo;exposition autour de la catastrophe de Li\u00e9vin\u00a0(pr\u00e9sent\u00e9e du 3 au 27 d\u00e9cembre au LAG) :<em> vendredi 12 d\u00e9cembre \u00e0 18h00 au LAG. <\/em>L&rsquo;exposition pr\u00e9sente des documents d&rsquo;\u00e9poque, affiches, livres, films.<\/li>\n<li><strong>Conf\u00e9rence de Marion Fontaine<\/strong> autour d&rsquo;un livre \u00e0 para\u00eetre sur la catastrophe de Li\u00e9vin\u00a0 : <em>vendredi 19 d\u00e9cembre \u00e0 19h00 au LAG. <\/em><a title=\"Le 19 d\u00e9cembre : conf\u00e9rence de Marion Fontaine\" href=\"http:\/\/www.lelag.fr\/site\/le-19-decembre-conference-de-marion-fontaine\/\">Voir le compte-rendu de cette conf\u00e9rence.<\/a><\/li>\n<li>Hommage aux\u00a0<strong>mineurs sacrifi\u00e9s sur l&rsquo;autel de la rentabilit\u00e9 capitaliste<\/strong> (1) : au pied du<strong> \u00ab\u00a0chevalement-potence\u00a0\u00bb<\/strong>, \u00e0\u00a0Calonne-Ricouart, symbole du sacrifice des mineurs sur l&rsquo;autel de la rentabilit\u00e9 capitaliste, le <em>samedi 20 d\u00e9cembre \u00e0 10h00 (d\u00e9part du LAG \u00e0 9h30 pour un covoiturage).<\/em><strong>Avec le soutien de la municipalit\u00e9 de Calonne-Ricouart. <\/strong><\/li>\n<\/ul>\n<p style=\"padding-left: 60px;\"><a href=\"http:\/\/www.lelag.fr\/site\/wp-content\/uploads\/2014\/10\/20141220-ChevalementCalonneRicouart.pdf\">T\u00e9l\u00e9chargez la fiche de pr\u00e9sentation<\/a><\/p>\n<p style=\"padding-left: 60px;\"><a title=\"20 d\u00e9cembre 2014 \u00e0 calonne Ricouart\" href=\"http:\/\/www.lelag.fr\/site\/20-decembre-2014-a-calonne-ricouart\/\">Voir le compte-rendu de cette action.<\/a><\/p>\n<ul>\n<li>\u00a0<strong>Table ronde \u00ab\u00a0La mine dans le monde aujourd&rsquo;hui, les accidents du travail, productivisme et d\u00e9sindustrialisation\u00a0\u00bb<\/strong> anim\u00e9e par Lucien Petit\u00a0: mardi 23 d\u00e9cembre \u00e0 19h00 au LAG. <em>Table ronde report\u00e9e (1er trimestre 2015).<\/em><\/li>\n<li>Hommage aux <strong>mineurs sacrifi\u00e9s sur l&rsquo;autel de la rentabilit\u00e9 capitaliste<\/strong> (2) : <em>samedi 27 d\u00e9cembre \u00e0 16h00 \u00e0 la fosse 3 \u00e0 Li\u00e9vin (Rassemblement au LAG \u00e0 15h30, pour un d\u00e9part collectif : le carreau de l&rsquo;ancienne fosse 3 est situ\u00e9 \u00e0 300m du LAG). <\/em><a title=\"27 d\u00e9cembre 2014 \u00e0 Li\u00e9vin\" href=\"http:\/\/www.lelag.fr\/site\/27-decembre-2014-a-lievin\/\">Voir le compte-rendu de cette action.<\/a><\/li>\n<\/ul>\n<h1>Le programme, en t\u00e9l\u00e9chargement<\/h1>\n<p>Il s&rsquo;agit du programme, \u00e0 imprimer (impression recto-verso, puis pliage en 3 parties) :<\/p>\n<ul>\n<li><a href=\"http:\/\/www.lelag.fr\/site\/wp-content\/uploads\/2014\/10\/TriptyqueLievin19741.pdf\">Triptyque Lievin 1974 (1,9Mo)<\/a><\/li>\n<\/ul>\n<h1>Rep\u00e8res chronologiques<\/h1>\n<h2>1er Tribunal populaire de Lens (d\u00e9cembre 1970)<\/h2>\n<ul>\n<li>4\u00a0 f\u00e9vrier 1970\u00a0: catastrophe de Fouqui\u00e8res-lez-Lens (16 morts).<\/li>\n<li>16 f\u00e9vrier 1970\u00a0: attentat contre le si\u00e8ge des Houill\u00e8res \u00e0 H\u00e9nin-Li\u00e9tard revendiqu\u00e9 par la Nouvelle R\u00e9sistance populaire d&rsquo;Olivier Rolin, bras arm\u00e9 de la Gauche prol\u00e9tarienne (GP)<\/li>\n<li>12 d\u00e9cembre 1970\u00a0: Tribunal populaire organis\u00e9 \u00e0 Lens par le Secours rouge, sous l&rsquo;autorit\u00e9 de la GP, en pr\u00e9sence du philosophe Jean-Paul Sartre<\/li>\n<li>14 d\u00e9cembre 1970\u00a0: comparution des auteurs pr\u00e9sum\u00e9s de l&rsquo;attentat d&rsquo;H\u00e9nin-Li\u00e9tard devant la cour de sur\u00eat\u00e9 de l&rsquo;Etat.<\/li>\n<\/ul>\n<h2>2\u00e8me Tribunal populaire de Lens (mars 1975)<\/h2>\n<ul>\n<li>27 d\u00e9cembre 1974\u00a0: catastrophe de la fosse 3 \u00e0 Li\u00e9vin (42 morts)<\/li>\n<li>5 janvier 1975\u00a0: premi\u00e8re r\u00e9union \u00e0 Li\u00e9vin de la commission populaire d&rsquo;enqu\u00eate sur la s\u00e9curit\u00e9 du travail anim\u00e9 par des militants du Parti communiste r\u00e9volutionnaire \u2013 marxiste-l\u00e9niniste (PCR \u2013 ml) d&rsquo;inspiration mao\u00efste<\/li>\n<li>22 mars 1975\u00a0: tribunal populaire r\u00e9uni au cin\u00e9ma L&rsquo;Apollo \u00e0 Lens<\/li>\n<li>23 janvier 1981\u00a0: condamnation p\u00e9cuniaire de l&rsquo;ing\u00e9nieur en chef de la fosse 3 rendu responsable de la catastrophe.<\/li>\n<\/ul>\n<h1>Souscription financi\u00e8re<\/h1>\n<p>L&rsquo;ensemble des initiatives propos\u00e9es durant ce mois de d\u00e9cembre 2014 co\u00fbte cher :<\/p>\n<ul>\n<li>Confection de l&rsquo;exposition permanente<\/li>\n<li>D\u00e9placements et accueil (repas) des diff\u00e9rent-es invit\u00e9-es : conf\u00e9rencier-es, artistes&#8230;<\/li>\n<li>Affichage et communication<\/li>\n<\/ul>\n<p>Le collectif <strong>Li\u00e9vin 1974<\/strong> ne dispose bien \u00e9videmment d&rsquo;<strong>aucune aide<\/strong> pour couvrir l&rsquo;ensemble de ces frais. L&rsquo;ensemble des d\u00e9bats, conf\u00e9rences, et m\u00eame le concert de Dominique Grange sont <a title=\"Le prix libre\" href=\"http:\/\/www.lelag.fr\/site\/le-lag\/fonctionnement-charte-du-lag\/le-prix-libre\/\">\u00e0 prix libre<\/a>, pour <strong>permettre au plus grand nombre de participer.<\/strong><\/p>\n<p>C&rsquo;est pourquoi nous lan\u00e7ons une <strong>souscription<\/strong>, et sollicitons celles et ceux qui souhaitent et qui peuvent contribuer financi\u00e8rement.<\/p>\n<p>En pratique, la proc\u00e9dure la plus simple est la suivante :<\/p>\n<ul>\n<li><strong>ch\u00e8que<\/strong> \u00e0 l&rsquo;ordre de <em>\u00ab\u00a0Le LAG (collectif Li\u00e9vin 1974)\u00a0\u00bb<\/em><\/li>\n<li><strong>envoi<\/strong> \u00e0 l&rsquo;adresse<em> \u00ab\u00a0Le LAG &#8211; 23 avenue Jean Jaur\u00e8s &#8211; 62800 Li\u00e9vin\u00a0\u00bb<\/em><\/li>\n<\/ul>\n<p>Merci !<\/p>\n<h1>Contact<\/h1>\n<p>Pour entrer en contact avec le collectif Li\u00e9vin 1974, le plus simple est de faire parvenir un courriel \u00e0 l&rsquo;adresse lievin1974[@]bassinminier62.org (retirer les [ ]).<\/p>\n<h1>Les compte-rendus<\/h1>\n<ul>\n<li><a title=\"Li\u00e9vin 1974 : retours presse\" href=\"http:\/\/www.lelag.fr\/site\/lievin-1974-retours-presse\/\">Les retours presse<\/a><\/li>\n<li><a title=\"3 d\u00e9cembre 2014 : \u00ab\u00a0La mythologie du mineur et le sens d\u2019une c\u00e9l\u00e9bration\u00a0\u00bb\" href=\"http:\/\/www.lelag.fr\/site\/3-decembre-2014-la-mythologie-du-mineur-et-le-sens-dune-celebration\/\">Le 3 d\u00e9cembre : conf\u00e9rence \u00ab\u00a0La mythologie du mineur et le sens d&rsquo;une c\u00e9l\u00e9bration\u00a0\u00bb<\/a><\/li>\n<li><a title=\"6 d\u00e9cembre 2014 : \u00ab\u00a0D\u2019un tribunal populaire \u00e0 l\u2019autre\u00a0\u00bb\" href=\"http:\/\/www.lelag.fr\/site\/6-decembre-2014-dun-tribunal-populaire-a-lautre\/\">Le 6 d\u00e9cembre : table ronde \u00ab\u00a0D&rsquo;un tribunal populaire \u00e0 l&rsquo;autre\u00a0\u00bb.<\/a><\/li>\n<li><a title=\"6 d\u00e9cembre : concert de Dominique Grange et Jacques Tardi\" href=\"http:\/\/www.lelag.fr\/site\/6-decembre-concert-de-dominique-grange-et-jacques-tardi\/\">Le 6 d\u00e9cembre : soir\u00e9e spectacle Dominique Grange et Jacques Tardi, avec les infos et le diaporama-photos.<\/a><\/li>\n<li><a title=\"Le 19 d\u00e9cembre : conf\u00e9rence de Marion Fontaine\" href=\"http:\/\/www.lelag.fr\/site\/le-19-decembre-conference-de-marion-fontaine\/\">Le 19 d\u00e9cembre : conf\u00e9rence de Marion Fontaine<\/a><\/li>\n<li><a title=\"20 d\u00e9cembre 2014 \u00e0 calonne Ricouart\" href=\"http:\/\/www.lelag.fr\/site\/20-decembre-2014-a-calonne-ricouart\/\">Le 20 d\u00e9cembre devant le chevalement potence, \u00e0 Calonne Ricouart.<\/a><\/li>\n<li><a title=\"27 d\u00e9cembre 2014 \u00e0 Li\u00e9vin\" href=\"http:\/\/www.lelag.fr\/site\/27-decembre-2014-a-lievin\/\">Le 27 d\u00e9cembre, devant la plaque de la commission populaire d&rsquo;enqu\u00eate.<\/a><\/li>\n<\/ul>\n<p>&nbsp;<\/p>\n","protected":false},"excerpt":{"rendered":"<p>Durant tout le mois de d\u00e9cembre 2014, le Collectif \u00ab\u00a0Li\u00e9vin 1974\u00a0\u00bb, dans lequel le LAG est investi, se propose en ce mois de d\u00e9cembre 2014 de programmer, pour en faire surgir des traces f\u00e9condes, diff\u00e9rentes manifestations propres \u00e0 revisiter la &hellip; <a href=\"https:\/\/www.lelag.fr\/site\/nos-projets\/il-y-a-40-ans-lievin-1974\/\">Continuer la lecture <span class=\"meta-nav\">&rarr;<\/span><\/a><\/p>\n","protected":false},"author":1,"featured_media":0,"parent":112,"menu_order":3,"comment_status":"closed","ping_status":"closed","template":"","meta":{"footnotes":""},"class_list":["post-2353","page","type-page","status-publish","hentry"],"_links":{"self":[{"href":"https:\/\/www.lelag.fr\/site\/wp-json\/wp\/v2\/pages\/2353","targetHints":{"allow":["GET"]}}],"collection":[{"href":"https:\/\/www.lelag.fr\/site\/wp-json\/wp\/v2\/pages"}],"about":[{"href":"https:\/\/www.lelag.fr\/site\/wp-json\/wp\/v2\/types\/page"}],"author":[{"embeddable":true,"href":"https:\/\/www.lelag.fr\/site\/wp-json\/wp\/v2\/users\/1"}],"replies":[{"embeddable":true,"href":"https:\/\/www.lelag.fr\/site\/wp-json\/wp\/v2\/comments?post=2353"}],"version-history":[{"count":60,"href":"https:\/\/www.lelag.fr\/site\/wp-json\/wp\/v2\/pages\/2353\/revisions"}],"predecessor-version":[{"id":2719,"href":"https:\/\/www.lelag.fr\/site\/wp-json\/wp\/v2\/pages\/2353\/revisions\/2719"}],"up":[{"embeddable":true,"href":"https:\/\/www.lelag.fr\/site\/wp-json\/wp\/v2\/pages\/112"}],"wp:attachment":[{"href":"https:\/\/www.lelag.fr\/site\/wp-json\/wp\/v2\/media?parent=2353"}],"curies":[{"name":"wp","href":"https:\/\/api.w.org\/{rel}","templated":true}]}}